{"id":42168,"date":"2023-08-30T10:10:13","date_gmt":"2023-08-30T14:10:13","guid":{"rendered":"https:\/\/www.cca-acc.com\/?post_type=cca_plus&#038;p=42168"},"modified":"2023-08-30T10:10:15","modified_gmt":"2023-08-30T14:10:15","slug":"lindustrie-cherche-a-pourvoir-des-postes-malgre-les-signes-dassouplissement-du-marche-de-lemploi","status":"publish","type":"cca_plus","link":"https:\/\/staging.cca-acc.com\/fr\/plus\/lindustrie-cherche-a-pourvoir-des-postes-malgre-les-signes-dassouplissement-du-marche-de-lemploi\/","title":{"rendered":"L\u2019industrie cherche \u00e0 pourvoir des postes malgr\u00e9 les signes d\u2019assouplissement du march\u00e9 de l\u2019emploi"},"content":{"rendered":"\n<p>Alors que l\u2019inflation et les p\u00e9nuries de main-d\u2019\u0153uvre continuent \u00e0 cr\u00e9er des probl\u00e8mes dans tous les secteurs, l\u2019industrie de la construction industrielle, commerciale, institutionnelle et travaux civils (ICITC) s\u2019est av\u00e9r\u00e9e \u00eatre une force positive pour l\u2019\u00e9conomie du Canada en 2022 et semble destin\u00e9e \u00e0 cro\u00eetre en 2023.<\/p>\n\n\n\n<p>Ces gains ne pourraient \u00eatre r\u00e9alis\u00e9s sans les contributions essentielles de la main-d\u2019\u0153uvre, en particulier dans onze professions cl\u00e9s essentielles \u00e0 ces activit\u00e9s. Bien que les tensions sur le march\u00e9 du travail aient commenc\u00e9 \u00e0 s\u2019att\u00e9nuer au deuxi\u00e8me trimestre, la demande actuelle et pr\u00e9vue dans le secteur de la construction et les futurs d\u00e9parts \u00e0 la retraite pr\u00e9vus continuent de menacer la p\u00e9rennit\u00e9 de la main-d\u2019\u0153uvre dans ce secteur.<\/p>\n\n\n\n<p>L\u2019\u00e9dition la plus r\u00e9cente de <a rel=\"noreferrer noopener\" href=\"https:\/\/www.cca-acc.com\/wp-content\/uploads\/2023\/08\/Quarterly-insights-Q2-2023-FR.pdf\" target=\"_blank\"><em><strong>Analyse trimestrielles de la construction ICITC<\/strong><\/em><\/a> de l\u2019ACC indique que le PIB du Canada a augment\u00e9 de 0,7&nbsp;% au T1&nbsp;2023, et que l\u2019industrie de la construction a suivi en augmentant de 0,25&nbsp;% au cours de la m\u00eame p\u00e9riode. Le secteur r\u00e9sidentiel a connu une baisse de 4&nbsp;%, que le secteur ICITC a contribu\u00e9 \u00e0 compenser par une augmentation de 4,3&nbsp;% de l\u2019activit\u00e9 dans le domaine de l\u2019ing\u00e9nierie et de la construction lourde.<\/p>\n\n\n<div class=\"button_left\"><a href=\"https:\/\/www.cca-acc.com\/wp-content\/uploads\/2023\/08\/Quarterly-insights-Q2-2023-FR.pdf\"  class=\" cca_orange btn_outlined\" target=\"_blank\">Obtenez votre exemplaire!<\/a>\n<\/div>\n\n\n\n\n\n<p>Bien que des gains de main-d\u2019\u0153uvre aient \u00e9t\u00e9 r\u00e9alis\u00e9s en 2023, l\u2019industrie reste pr\u00e9occup\u00e9e par les d\u00e9parts \u00e0 la retraite pr\u00e9vus et par une p\u00e9nurie continue de comp\u00e9tences qui se traduira par plus de 300&nbsp;000&nbsp;emplois \u00e0 pourvoir d\u2019ici 2028. Les travailleurs chevronn\u00e9s continuent \u00e0 quitter le march\u00e9 du travail, alors il reste n\u00e9cessaire d\u2019attirer et de retenir des personnes qualifi\u00e9es pour r\u00e9pondre non seulement aux demandes actuelles en mati\u00e8re de construction, mais aussi aux besoins futurs en mati\u00e8re d\u2019infrastructures.<\/p>\n\n\n\n<p>Alors que le deuxi\u00e8me trimestre&nbsp;2023 a connu une l\u00e9g\u00e8re augmentation du ch\u00f4mage, le nombre d\u2019emplois vacants reste \u00e9lev\u00e9 par rapport aux normes historiques. Les onze professions les plus employ\u00e9es dans le secteur de la construction repr\u00e9sentent 61,3&nbsp;% de toutes les offres d\u2019emploi \u00e0 pourvoir dans ce secteur. Le gouvernement f\u00e9d\u00e9ral a pris note de nos appels \u00e0 l\u2019action pour rem\u00e9dier aux p\u00e9nuries de main-d\u2019\u0153uvre pr\u00e9vues dans les m\u00e9tiers et a lanc\u00e9 un programme d\u2019entr\u00e9e express pour accueillir des immigrants qui ont une exp\u00e9rience professionnelle afin de pourvoir les postes professionnels vacants qui sont menac\u00e9s.<\/p>\n\n\n\n<p>Toutefois, il est important de souligner que seules six des onze professions les plus employ\u00e9es ont \u00e9t\u00e9 incluses dans ce programme. Cette s\u00e9lection restreinte soul\u00e8ve des inqui\u00e9tudes quant au besoin d\u2019adopter une approche plus strat\u00e9gique pour rem\u00e9dier aux p\u00e9nuries de main-d\u2019\u0153uvre dans les professions critiques. Bien que l\u2019initiative du gouvernement en mati\u00e8re d\u2019immigration d\u00e9montre qu\u2019il reconna\u00eet les d\u00e9fis de l\u2019industrie, nous demandons des mesures globales suppl\u00e9mentaires pour assurer la durabilit\u00e9 et la croissance \u00e0 long terme de la main-d\u2019\u0153uvre du secteur de la construction ICITC.<\/p>\n\n\n\n<figure class=\"wp-block-image size-large\"><img loading=\"lazy\" decoding=\"async\" width=\"1024\" height=\"635\" src=\"https:\/\/www.cca-acc.com\/wp-content\/uploads\/2023\/08\/CHRT7-F-1024x635.jpg\" alt=\"\" class=\"wp-image-42324\" srcset=\"https:\/\/staging.cca-acc.com\/wp-content\/uploads\/2023\/08\/CHRT7-F-1024x635.jpg 1024w, https:\/\/staging.cca-acc.com\/wp-content\/uploads\/2023\/08\/CHRT7-F-600x372.jpg 600w, https:\/\/staging.cca-acc.com\/wp-content\/uploads\/2023\/08\/CHRT7-F-300x186.jpg 300w, https:\/\/staging.cca-acc.com\/wp-content\/uploads\/2023\/08\/CHRT7-F-768x476.jpg 768w, https:\/\/staging.cca-acc.com\/wp-content\/uploads\/2023\/08\/CHRT7-F-1536x953.jpg 1536w, https:\/\/staging.cca-acc.com\/wp-content\/uploads\/2023\/08\/CHRT7-F-2048x1271.jpg 2048w, https:\/\/staging.cca-acc.com\/wp-content\/uploads\/2023\/08\/CHRT7-F-1200x744.jpg 1200w, https:\/\/staging.cca-acc.com\/wp-content\/uploads\/2023\/08\/CHRT7-F-1980x1228.jpg 1980w\" sizes=\"auto, (max-width: 1024px) 100vw, 1024px\" \/><\/figure>\n\n\n<div class=\"button_left\"><a href=\"https:\/\/www.youtube.com\/watch?v=OWQrHqxJLOQ\"  class=\" cca_orange btn_outlined\" target=\"_blank\">Regardez une s\u00e9ance d&#8217;information sur le rapport<\/a>\n<\/div>\n\n\n\n\n\n<p>Pour plus de renseignements sur ce rapport ou sur les travaux actuellement men\u00e9s par l\u2019ACC pour traiter les questions abord\u00e9es, veuillez envoyer un courriel \u00e0 <a href=\"mailto:lpchampagne@cca-acc.com\">Louis-Philippe Champagne<\/a>, directeur des relations gouvernementales et de la politique, ou \u00e0 <a href=\"mailto:mbaker@cca-acc.com\">Mario Baker<\/a>, directeur adjoint de l\u2019\u00e9conomie et de l\u2019\u00e9laboration des politiques.<\/p>\n\n\n\n<hr class=\"wp-block-separator has-alpha-channel-opacity\"\/>\n\n\n\n<h4 class=\"wp-block-heading\">Information pertinente<\/h4>\n\n\n\n<p><a href=\"https:\/\/www.cca-acc.com\/fr\/plus\/lactivite-de-construction-reste-forte-malgre-les-difficultes-rencontrees-par-le-secteur\/\" target=\"_blank\" rel=\"noreferrer noopener\">L\u2019activit\u00e9 de construction reste forte malgr\u00e9 les difficult\u00e9s rencontr\u00e9es par le secteur<\/a> <\/p>\n\n\n\n<p><a href=\"https:\/\/www.cca-acc.com\/fr\/plus\/la-penurie-de-main-doeuvre-nuit-a-la-capacite-du-secteur-de-la-construction-a-stimuler-une-croissance-encore-plus-forte-pour-le-canada\/\" target=\"_blank\" rel=\"noreferrer noopener\">La p\u00e9nurie de main-d\u2019\u0153uvre nuit \u00e0 la capacit\u00e9 du secteur de la construction \u00e0 stimuler une croissance encore plus forte pour le Canada<\/a><\/p>\n\n\n\n<p><a href=\"https:\/\/www.cca-acc.com\/fr\/plus\/la-penurie-de-main-doeuvre-est-au-coeur-des-discussions-de-la-journee-sur-la-colline-de-lacc\/\" target=\"_blank\" rel=\"noreferrer noopener\">La p\u00e9nurie de main-d\u2019\u0153uvre est au c\u0153ur des discussions de la Journ\u00e9e sur la Colline de l\u2019ACC<\/a><\/p>\n","protected":false},"featured_media":42335,"menu_order":0,"template":"","class_list":["post-42168","cca_plus","type-cca_plus","status-publish","has-post-thumbnail","hentry","cca_plus_category-alerte-a-la-defense-des-interets"],"acf":[],"_links":{"self":[{"href":"https:\/\/staging.cca-acc.com\/fr\/wp-json\/wp\/v2\/cca_plus\/42168","targetHints":{"allow":["GET"]}}],"collection":[{"href":"https:\/\/staging.cca-acc.com\/fr\/wp-json\/wp\/v2\/cca_plus"}],"about":[{"href":"https:\/\/staging.cca-acc.com\/fr\/wp-json\/wp\/v2\/types\/cca_plus"}],"version-history":[{"count":11,"href":"https:\/\/staging.cca-acc.com\/fr\/wp-json\/wp\/v2\/cca_plus\/42168\/revisions"}],"predecessor-version":[{"id":42387,"href":"https:\/\/staging.cca-acc.com\/fr\/wp-json\/wp\/v2\/cca_plus\/42168\/revisions\/42387"}],"wp:featuredmedia":[{"embeddable":true,"href":"https:\/\/staging.cca-acc.com\/fr\/wp-json\/wp\/v2\/media\/42335"}],"wp:attachment":[{"href":"https:\/\/staging.cca-acc.com\/fr\/wp-json\/wp\/v2\/media?parent=42168"}],"curies":[{"name":"wp","href":"https:\/\/api.w.org\/{rel}","templated":true}]}}