{"id":37667,"date":"2023-02-22T11:00:00","date_gmt":"2023-02-22T16:00:00","guid":{"rendered":"https:\/\/www.cca-acc.com\/?post_type=cca_plus&#038;p=37667"},"modified":"2023-02-22T11:12:24","modified_gmt":"2023-02-22T16:12:24","slug":"la-conference-annuelle-de-lacc-approche-a-grands-pas-inscrivez-vous-maintenant","status":"publish","type":"cca_plus","link":"https:\/\/staging.cca-acc.com\/fr\/plus\/la-conference-annuelle-de-lacc-approche-a-grands-pas-inscrivez-vous-maintenant\/","title":{"rendered":"La Conf\u00e9rence annuelle de l\u2019ACC approche \u00e0 grands pas. Inscrivez-vous maintenant avant qu\u2019il ne soit trop tard!"},"content":{"rendered":"\n<p>En moins de deux semaines, plus de 500 professionnels de la construction de partout au pays se r\u00e9uniront \u00e0 Tucson, en Arizona, pour la <a href=\"https:\/\/www.cca-acc.com\/fr\/evenements\/conference-annuelle-acc\/\">Conf\u00e9rence annuelle de l\u2019ACC<\/a> du 7 au 10 mars 2023. Cet \u00c9V\u00c9NEMENT PHARE DE L\u2019INDUSTRIE CANADIENNE DE LA CONSTRUCTION vous offre l\u2019occasion id\u00e9ale de r\u00e9seauter avec des chefs de file de tous les secteurs de l\u2019industrie et de participer \u00e0 des s\u00e9ances informatives, ainsi qu\u2019\u00e0 des activit\u00e9s sociales divertissantes et des excursions facultatives. L\u2019inscription pour participer en personne \u00e0 la conf\u00e9rence prend fin le 1<sup>er<\/sup> mars.<\/p>\n\n\n<div class=\"button_left\"><a href=\"https:\/\/www.cca-acc.com\/fr\/evenements\/conference-annuelle-acc\/#in\"  class=\" cca_purple btn_outlined\" target=\"_blank\">INSCRIVEZ-VOUS D\u00c8S MAINTENANT!<\/a>\n<\/div>\n\n\n\n\n\n<hr class=\"wp-block-separator has-alpha-channel-opacity\"\/>\n\n\n\n<div class=\"wp-block-columns alignfull has-background-background-color has-background is-layout-flex wp-container-core-columns-is-layout-9d6595d7 wp-block-columns-is-layout-flex\">\n<div class=\"wp-block-column is-layout-flow wp-block-column-is-layout-flow\" style=\"flex-basis:25%\"><div class=\"wp-block-image\">\n<figure class=\"alignright size-full is-resized\"><img loading=\"lazy\" decoding=\"async\" src=\"https:\/\/www.cca-acc.com\/wp-content\/uploads\/2023\/02\/digitalX-2.png\" alt=\"\" class=\"wp-image-37568\" width=\"136\" height=\"134\" srcset=\"https:\/\/staging.cca-acc.com\/wp-content\/uploads\/2023\/02\/digitalX-2.png 542w, https:\/\/staging.cca-acc.com\/wp-content\/uploads\/2023\/02\/digitalX-2-100x100.png 100w, https:\/\/staging.cca-acc.com\/wp-content\/uploads\/2023\/02\/digitalX-2-300x296.png 300w\" sizes=\"auto, (max-width: 136px) 100vw, 136px\" \/><\/figure>\n<\/div><\/div>\n\n\n\n<div class=\"wp-block-column is-layout-flow wp-block-column-is-layout-flow\" style=\"flex-basis:50%\">\n<h3 class=\"wp-block-heading\">L\u2019ACC propose \u00e9galement une <a href=\"https:\/\/www.cca-acc.com\/fr\/evenements\/conference-annuelle-acc\/#:~:text=Exp%C3%A9rience%20num%C3%A9rique%20de%20la%20conf%C3%A9rence%20annuelle%202023%20de%20l%E2%80%99ACC\">exp\u00e9rience num\u00e9rique<\/a> pour ceux qui ne peuvent pas se d\u00e9placer pour participer en personne \u00e0 Tucson.<\/h3>\n\n\n\n<p>Veuillez noter que l\u2019h\u00f4tel <strong>El Conquistador<\/strong> <strong>affiche actuellement COMPLET pour les 7 et 9 mars<\/strong>. Veuillez contacter <strong>Elicia Robles<\/strong> directement \u00e0 l\u2019h\u00f4tel pour voir si des chambres sont disponibles ou se lib\u00e8rent. Vous pouvez joindre Elicia Robles, coordonnatrice des r\u00e9servations, par courriel \u00e0 <a href=\"mailto:Elicia.Robles@Hilton.com\">Elicia.Robles@Hilton.com<\/a> ou par t\u00e9l\u00e9phone au +1 520 544 1155. (Le tarif de chambre standard est de 369,67 $ \u00e0 457,57 $).<\/p>\n\n\n\n<p>S\u2019il n\u2019y a pas de chambres disponibles \u00e0 l\u2019h\u00f4tel El Conquistador, vous pouvez consulter d\u2019autres h\u00f4tels dans la r\u00e9gion :<\/p>\n\n\n\n<ul class=\"wp-block-list\">\n<li>Fairfield Inn situ\u00e9 \u00e0 1,7 mile \u2013 <a href=\"https:\/\/www.hotelsone.com\/oro-valley-hotels-us\/fairfield-inn-suites-tucson-north-oro-valley.html?as=g&amp;aid=605726194531&amp;dsti=551839&amp;dstt=8&amp;nid=1&amp;gclid=CjwKCAiArY2fBhB9EiwAWqHK6ir5P95UB_PymiyUNC6Mvy1XdN_WvrGOCtUKMRTatwkJ-Ojy-mGfJBoCuKwQAvD_BwE\">Fairfield Inn and Suites<\/a> &nbsp;<\/li>\n\n\n\n<li>Homewood Suites situ\u00e9 \u00e0 4,49 miles &#8211; <a href=\"mailto:TUSSP_homewood@hilton.com\">TUSSP_homewood@hilton.com<\/a><\/li>\n\n\n\n<li>Embassy Suites situ\u00e9 \u00e0 6,92 miles &#8211; <a href=\"mailto:tuses_gm@hilton.com\">tuses_gm@hilton.com<\/a><\/li>\n\n\n\n<li>Hampton Inn situ\u00e9 \u00e0 7,07 miles &#8211; <a href=\"mailto:TUSHS_Hampton_Suites@hilton.com\">TUSHS_Hampton_Suites@hilton.com<\/a><\/li>\n<\/ul>\n<\/div>\n<\/div>\n\n\n\n<p>Notre programme regorge de s\u00e9ances sur des sujets vari\u00e9s pour vous informer, partager des pratiques exemplaires et vous inciter \u00e0 r\u00e9fl\u00e9chir \u00e0 l\u2019avenir de l\u2019industrie de la construction.<\/p>\n\n\n<div class=\"button_left\"><a href=\"https:\/\/www.cca-acc.com\/fr\/evenements\/conference-annuelle-acc\/programme\/\"  class=\" cca_purple btn_outlined\" target=\"_blank\">PARCOUREZ LE PROGRAMME<\/a>\n<\/div>\n\n\n\n\n\n<p>Les personnes inscrites qui se joindront \u00e0 nous virtuellement depuis leur domicile ou leur bureau auront acc\u00e8s \u00e0 une s\u00e9lection de s\u00e9ances de la conf\u00e9rence, dont l\u2019allocution d\u2019ouverture de Tareq Hadhad. Ce r\u00e9fugi\u00e9 syrien devenu fondateur et PDG de la chocolaterie Peace by Chocolate racontera son histoire de pers\u00e9v\u00e9rance et d\u2019entrepreneuriat. Les personnes inscrites \u00e0 la conf\u00e9rence en mode diffusion en direct pourront \u00e9galement interagir avec les mod\u00e9rateurs par le biais de la plateforme de conf\u00e9rence en ligne pour poser des questions ou partager des commentaires pendant les s\u00e9ances.<\/p>\n\n\n\n<div class=\"wp-block-columns is-layout-flex wp-container-core-columns-is-layout-9d6595d7 wp-block-columns-is-layout-flex\">\n<div class=\"wp-block-column is-layout-flow wp-block-column-is-layout-flow\">\n<figure class=\"wp-block-image size-large is-style-rounded\"><img decoding=\"async\" src=\"https:\/\/www.cca-acc.com\/wp-content\/uploads\/2022\/11\/Tareq-768x768.png\" alt=\"\"\/><figcaption class=\"wp-element-caption\"><strong>Tareq Hadhad<\/strong><br>fondateur et PDG de la chocolaterie Peace by Chocolate<\/figcaption><\/figure>\n<\/div>\n\n\n\n<div class=\"wp-block-column is-layout-flow wp-block-column-is-layout-flow\">\n<figure class=\"wp-block-image size-large is-style-rounded\"><img decoding=\"async\" src=\"https:\/\/www.cca-acc.com\/wp-content\/uploads\/2022\/11\/Stuart-300x300.png\" alt=\"\"\/><figcaption class=\"wp-element-caption\"><strong>Stuart Bergman<\/strong><br>vice-pr\u00e9sident et \u00e9conomiste en chef &#8211; Exportation et d\u00e9veloppement Canada<\/figcaption><\/figure>\n<\/div>\n\n\n\n<div class=\"wp-block-column is-layout-flow wp-block-column-is-layout-flow\">\n<figure class=\"wp-block-image size-large is-style-rounded\"><img decoding=\"async\" src=\"https:\/\/www.cca-acc.com\/wp-content\/uploads\/2023\/01\/Conference-Speakers-2023-2-300x300.png\" alt=\"\"\/><figcaption class=\"wp-element-caption\"><strong>Craig \u201cTooey\u201d Courtemanche<\/strong><br>directeur g\u00e9n\u00e9ral \u2013Procore Technologies<\/figcaption><\/figure>\n<\/div>\n\n\n\n<div class=\"wp-block-column is-layout-flow wp-block-column-is-layout-flow\">\n<figure class=\"wp-block-image size-full is-style-rounded\"><img loading=\"lazy\" decoding=\"async\" width=\"250\" height=\"250\" src=\"https:\/\/www.cca-acc.com\/wp-content\/uploads\/2023\/02\/Mary_250x250.jpg\" alt=\"\" class=\"wp-image-37647\" srcset=\"https:\/\/staging.cca-acc.com\/wp-content\/uploads\/2023\/02\/Mary_250x250.jpg 250w, https:\/\/staging.cca-acc.com\/wp-content\/uploads\/2023\/02\/Mary_250x250-100x100.jpg 100w, https:\/\/staging.cca-acc.com\/wp-content\/uploads\/2023\/02\/Mary_250x250-150x150.jpg 150w\" sizes=\"auto, (max-width: 250px) 100vw, 250px\" \/><figcaption class=\"wp-element-caption\"><strong>Mary Van Buren<\/strong><br>pr\u00e9sidente \u2013 L\u2019Association canadienne de la construction<\/figcaption><\/figure>\n<\/div>\n\n\n\n<div class=\"wp-block-column is-layout-flow wp-block-column-is-layout-flow\">\n<figure class=\"wp-block-image size-large is-style-rounded\"><img decoding=\"async\" src=\"https:\/\/www.cca-acc.com\/wp-content\/uploads\/2023\/01\/Silvy-Wright-Headshot-1200x1200.png\" alt=\"\"\/><figcaption class=\"wp-element-caption\"><strong>Silvy Wright<\/strong><br>pr\u00e9sidente et PDG \u2013 Northbridge<\/figcaption><\/figure>\n<\/div>\n<\/div>\n\n\n\n<p>Apr\u00e8s la conf\u00e9rence, les s\u00e9ances enregistr\u00e9es seront mises \u00e0 la disposition des personnes inscrites en personne et en mode diffusion en direct, \u00e0 l\u2019exception de la Table ronde des PDG. <strong>Vous pourrez regarder cette s\u00e9ance en direct le 9 mars \u00e0 9 h00 (HNR).<\/strong> Il n&#8217;y aura pas d&#8217;enregistrement de cette s\u00e9ance disponible apr\u00e8s la conf\u00e9rence.<\/p>\n\n\n\n<p>Toutes les inscriptions des d\u00e9l\u00e9gu\u00e9s, des conjoint(e)s et des enfants comprennent ce qui suit&nbsp;:<strong><\/strong><\/p>\n\n\n\n<ul class=\"wp-block-list\">\n<li><strong>Acc\u00e8s \u00e0 toutes les s\u00e9ances<\/strong>, y compris l\u2019allocution d\u2019ouverture commandit\u00e9e par \u202f<a href=\"https:\/\/www.aon.com\/canada\/fr\/default.jsp\" target=\"_blank\" rel=\"noreferrer noopener\">Aon Reed Stenhouse Inc<\/a>., la s\u00e9ance sur les perspectives \u00e9conomiques et notre s\u00e9ance populaire \u00ab&nbsp;Talent et Tequila&nbsp;\u00bb o\u00f9 vous pourrez mettre en lumi\u00e8re votre talent devant la cam\u00e9ra 3D de <a href=\"https:\/\/www.procore.com\/\">Procore<\/a>.<br><\/li>\n\n\n\n<li><strong>Petits-d\u00e9jeuners et d\u00e9jeuners<\/strong> du 8 au 10 mars.<br><\/li>\n\n\n\n<li><strong>Soir\u00e9e d\u2019accueil avec r\u00e9ception et d\u00eener, <\/strong>pr\u00e9sent\u00e9e par <a href=\"https:\/\/www.travelerscanada.ca\/fr\">Travelers du Canada<\/a> \u2013 Venez lancer la conf\u00e9rence avec nous le 7 mars lors d\u2019une soir\u00e9e sous le th\u00e8me de Tucson avec un orchestre mariachi!<br><\/li>\n\n\n\n<li><strong>Soir\u00e9e de plaisir <\/strong>\u2013 Pr\u00e9parez-vous pour une soir\u00e9e inoubliable avec un d\u00eener de style western. Apprenez le pas de danse two-step avec un groupe de musiciens sur place et d\u00e9gustez des smores au coin du feu. Soir\u00e9e du 8 mars commandit\u00e9e par <a rel=\"noreferrer noopener\" href=\"https:\/\/www.ellisdon.com\/\" target=\"_blank\">EllisDon Corporation<\/a>&nbsp;et&nbsp;<a href=\"https:\/\/www.intact.ca\/default\/fr\/assurance-particuliers.html\" target=\"_blank\" rel=\"noreferrer noopener\">Intact Cautionnement<\/a>.<br><\/li>\n\n\n\n<li><strong>Prix nationaux des prix de l\u2019ACC <\/strong>\u2013 Venez c\u00e9l\u00e9brer les r\u00e9alisations de vos pairs lors de ce d\u00e9jeuner-c\u00e9r\u00e9monie de remise des prix, pr\u00e9sent\u00e9 par <a href=\"https:\/\/www.northbridgeassurance.ca\/?_ga=2.212289424.502292361.1677000357-691580682.1667914699\">Northbridge Assurance<\/a> le 9 mars.<br><\/li>\n\n\n\n<li><strong>Gala de cl\u00f4ture<\/strong> \u2013 Venez porter un dernier toast lors de ce gala sous les \u00e9toiles. Explorez le ciel lors de cette exp\u00e9rience interactive d\u2019observation des \u00e9toiles avec des t\u00e9lescopes de pointe et notre astronome expert. Gala du 10 mars commandit\u00e9 par <a href=\"https:\/\/www.blg.com\/fr\">Borden Ladner Gervais S.E.N.C.R.L, S.R.L.<\/a> et&nbsp;<a rel=\"noreferrer noopener\" href=\"https:\/\/www.grahambuilds.com\/\" target=\"_blank\">Graham<\/a>.<br><\/li>\n\n\n\n<li><strong>Activit\u00e9s quotidiennes <\/strong>\u2013 Un <a href=\"https:\/\/www.cca-acc.com\/fr\/evenements\/conference-annuelle-acc\/renseignements-sur-la-destination-et-les-activites\/\">programme d\u2019activit\u00e9s<\/a> pour les conjoint(e)s et les enfants (des frais additionnels peuvent s\u2019appliquer) et un salon de d\u00e9tente o\u00f9 les conjoint(e)s et les enfants peuvent se rencontrer, apprendre et explorer! <\/li>\n<\/ul>\n\n\n\n<p><strong>Ne ratez pas cette occasion!<\/strong> <a href=\"https:\/\/www.cca-acc.com\/fr\/evenements\/conference-annuelle-acc\/#in\">Inscrivez-vous maintenant<\/a> et visitez notre site Web pour consulter le <a href=\"https:\/\/www.cca-acc.com\/fr\/evenements\/conference-annuelle-acc\/programme\/\">programme de la conf\u00e9rence<\/a> et les <a href=\"https:\/\/www.cca-acc.com\/fr\/evenements\/conference-annuelle-acc\/renseignements-sur-la-destination-et-les-activites\/\">d\u00e9tails sur les activit\u00e9s<\/a>.<\/p>\n\n\n\n<p>Nous remercions tout particuli\u00e8rement nos <a href=\"https:\/\/www.cca-acc.com\/fr\/evenements\/conference-annuelle-acc\/#commanditaires\">commanditaires de la conf\u00e9rence de 2023<\/a>.<\/p>\n\n\n\n<p>Si vous avez des questions, n\u2019h\u00e9sitez pas \u00e0 communiquer avec notre \u00e9quipe responsable des \u00e9v\u00e9nements \u00e0 <a href=\"mailto:infoconference@cca-acc.com\">infoconference@cca-acc.com<\/a>.<\/p>\n\n\n\n<p><strong>Vous \u00eates d\u00e9j\u00e0 inscrit?<\/strong> Partagez un gazouillis en pr\u00e9cisant ce que vous avez le plus h\u00e2te de voir \u00e0 la conf\u00e9rence en utilisant le mot-clic <strong>#Conf\u00e9renceACC<\/strong> qui sera rediffus\u00e9 sur les comptes officiels des r\u00e9seaux sociaux de l\u2019ACC!<\/p>\n\n\n\n<hr class=\"wp-block-separator has-alpha-channel-opacity\"\/>\n","protected":false},"featured_media":37344,"menu_order":0,"template":"","class_list":["post-37667","cca_plus","type-cca_plus","status-publish","has-post-thumbnail","hentry","cca_plus_category-apercu-de-lindustrie"],"acf":[],"_links":{"self":[{"href":"https:\/\/staging.cca-acc.com\/fr\/wp-json\/wp\/v2\/cca_plus\/37667","targetHints":{"allow":["GET"]}}],"collection":[{"href":"https:\/\/staging.cca-acc.com\/fr\/wp-json\/wp\/v2\/cca_plus"}],"about":[{"href":"https:\/\/staging.cca-acc.com\/fr\/wp-json\/wp\/v2\/types\/cca_plus"}],"version-history":[{"count":0,"href":"https:\/\/staging.cca-acc.com\/fr\/wp-json\/wp\/v2\/cca_plus\/37667\/revisions"}],"wp:featuredmedia":[{"embeddable":true,"href":"https:\/\/staging.cca-acc.com\/fr\/wp-json\/wp\/v2\/media\/37344"}],"wp:attachment":[{"href":"https:\/\/staging.cca-acc.com\/fr\/wp-json\/wp\/v2\/media?parent=37667"}],"curies":[{"name":"wp","href":"https:\/\/api.w.org\/{rel}","templated":true}]}}